{"id":17,"date":"2017-07-03T07:10:19","date_gmt":"2017-07-03T05:10:19","guid":{"rendered":"http:\/\/kmita.art.pl\/?page_id=17"},"modified":"2017-08-01T21:52:56","modified_gmt":"2017-08-01T19:52:56","slug":"powiedzieli-o-nas","status":"publish","type":"page","link":"https:\/\/kmita.art.pl\/index.php\/powiedzieli-o-nas\/","title":{"rendered":"Powiedzieli o nas&#8230;"},"content":{"rendered":"<div class=\"entry\">\n<div class=\"entry\">\n<p><strong><strong><img decoding=\"async\" class=\"size-full wp-image-156 alignleft\" src=\"http:\/\/kmita.art.pl\/wp-content\/uploads\/2017\/07\/A-Drawicz.jpg\" alt=\"\" width=\"110\" height=\"110\" \/><\/strong>Andrzej Drawicz:<\/strong><\/p>\n<p>\u201eTrzy zdania o umieraniu\u201d Quasi-Kabaretu Rafa\u0142a Kmity to znakomita pr\u00f3ba poigrania z tym, z czym si\u0119 normalnie nie igra, czego nie wolno tkn\u0105\u0107, co jest zakazane, co stanowi tabu. Wobec \u015bmierci jeste\u015bmy tch\u00f3rzliwi, potulni i bezradni. Wiemy, \u017ce jest to smutna konieczno\u015b\u0107, a zatem obchodzimy si\u0119 ze \u015bmierci\u0105 \u0142agodnie i z szacunkiem, nie dra\u017cnimy jej, nie gramy jej na nosie \u2013 to nie wypada. Wszystko wprost przeciwnie w \u201eTrzech zdaniach o umieraniu\u201d. Kabaret Rafa\u0142a Kmity idzie wspania\u0142\u0105 szar\u017c\u0105 na motywy \u015bmierci, kpi sobie z niej, parodiuje rozmaite sytuacje z ni\u0105 zwi\u0105zane, przedrze\u017ania j\u0105 \u2013 oczywi\u015bcie w spos\u00f3b umowny, z odpowiednim dystansem \u2013 tak jak kabaret powinien to robi\u0107. Jest to, zar\u0119czam Pa\u0144stwu, du\u017ce wra\u017cenie. (\u2026) My\u015bmy \u2013 czyli jurorzy X PaKI \u2013 byli tym spektaklem zachwyceni. Jednog\u0142o\u015bnie doszli\u015bmy do wniosku, \u017ce ci m\u0142odzi ludzie poszli przebojem, odwa\u017cnie i \u017ce dali nam mas\u0119 kapitalnych wra\u017ce\u0144. Ja to prze\u017cy\u0142em jako odkrycie. Ze szczerym przekonaniem mog\u0119 stwierdzi\u0107, ze jest to jedno z najciekawszych zjawisk kabaretowych, jakie uda\u0142o mi si\u0119 widzie\u0107.<\/p>\n<p><strong>Zenon Laskowik:<img decoding=\"async\" class=\"size-full wp-image-160 alignleft\" src=\"http:\/\/kmita.art.pl\/wp-content\/uploads\/2017\/07\/Z.Laskowik.jpg\" alt=\"\" width=\"110\" height=\"110\" \/> <\/strong><\/p>\n<p>Kabaret Rafa\u0142a Kmity \u2013 dynamiczny i roz\u015bpiewany \u2013 dobrze znany jest og\u00f3lnopolskiej publiczno\u015bci. Ja takie zaliczam si\u0119 do grona sympatyk\u00f3w tej znakomitej grupy. Jedynym mankamentem tego kabaretu jest to, \u017ce zbyt rzadko prezentowa\u0142 si\u0119 publiczno\u015bci pozna\u0144skiej, ale to jest do naprawienia\u2026<\/p>\n<p>&nbsp;<\/p>\n<\/div>\n<\/div>\n<p>&nbsp;<\/p>\n<div class=\"entry\">\n<div class=\"entry\">\n<p><strong>Andrzej Mleczko:<img decoding=\"async\" class=\"size-full wp-image-164 alignleft\" src=\"http:\/\/kmita.art.pl\/wp-content\/uploads\/2017\/07\/A.Mleczko-1.jpg\" alt=\"\" width=\"110\" height=\"110\" \/><\/strong><\/p>\n<p>Przez, ca\u0142e prza\u015bne lata socjalizmu przyzwyczajony by\u0142em, \u017ce kabaret polega na tym, \u017ce dw\u00f3ch facet\u00f3w w garniturach na pustej scenie wyg\u0142asza mniej lub bardziej zabawne teksty. Dlatego z dzik\u0105 rado\u015bci\u0105 obejrza\u0142em w roku 95, na przegl\u0105dzie PaKA \u201ePop-Show\u201d Quasi-Kabaretu Rafa\u0142a Kmity, kt\u00f3ry nareszcie zapewni\u0142 mi nie tylko straw\u0119 intelektualn\u0105, i nie tylko by\u0142 piekielnie \u015bmieszny, ale nawi\u0105zywa\u0142 r\u00f3wnie\u017c do kabaretu moich marze\u0144, czyli by\u0142 na pograniczu teatru, rewii i tradycyjnego przedstawiania kabaretowego. Bowiem tak jak kawa nie wyklucza herbaty, tak tre\u015b\u0107 nie wyklucza formy \u2013 i tak te\u017c jest w wypadku dokona\u0144 Grupy Rafa\u0142a Kmity.<\/p>\n<p>&nbsp;<\/p>\n<p><strong>Wojciech M\u0142ynarski:<\/strong><strong><img loading=\"lazy\" decoding=\"async\" class=\"size-full wp-image-161 alignleft\" src=\"http:\/\/kmita.art.pl\/wp-content\/uploads\/2017\/07\/Wojciech-M\u0142ynarski.jpg\" alt=\"\" width=\"110\" height=\"110\" \/><\/strong><\/p>\n<p>Ceni\u0119 bardzo wysoko Rafa\u0142a Kmit\u0119 jako niezwykle wszechstronnego cz\u0142owieka nie tylko kabaretu ale i teatru. Jego propozycje s\u0105 bowiem swoist\u0105 syntez\u0105 teatru i kabaretu. Nie jest to kabaret tradycyjny, czyli sk\u0142adanka, a co\u015b, co pretenduje do miana teatru kabaretowego. Jest on nacechowany humorem wysokiej pr\u00f3by, ironi\u0105 i m\u0105dro\u015bci\u0105 po prostu. Te scenariusze Rafa\u0142a Kmity s\u0105 \u015bwietnie realizowane przez ca\u0142\u0105 jego grup\u0119. Jego kabaretowo-teatralne partytury znalaz\u0142y doskona\u0142\u0105 instrumentacj\u0119. Jestem szczerym admiratorem Grupy Rafa\u0142a Kmity.<\/p>\n<p>&nbsp;<\/p>\n<p><strong>Krzysztof Jasi\u0144ski:<img loading=\"lazy\" decoding=\"async\" class=\"size-full wp-image-157 alignleft\" src=\"http:\/\/kmita.art.pl\/wp-content\/uploads\/2017\/07\/K.Jasinski.jpg\" alt=\"\" width=\"110\" height=\"110\" \/><\/strong><\/p>\n<p>\u201eCa-sting\u201d to autorski spektakl Rafa\u0142a Kmity doskonale przyjmowany przez publiczno\u015b\u0107. To bardzo istotna i warto\u015bciowa propozycja; znakomita dramaturgia, kt\u00f3ra da\u0142a podstaw\u0119 bardzo dobremu przedstawieniu.<\/p>\n<p>&nbsp;<\/p>\n<p>&nbsp;<\/p>\n<p>&nbsp;<\/p>\n<p><strong><img loading=\"lazy\" decoding=\"async\" class=\"size-full wp-image-158 alignleft\" src=\"http:\/\/kmita.art.pl\/wp-content\/uploads\/2017\/07\/M.Ogorek.jpg\" alt=\"\" width=\"110\" height=\"110\" \/>Micha\u0142 Og\u00f3rek:<\/strong><\/p>\n<p>W 1995 roku program \u201ePop-Show\u201d Quasi-Kabaretu Rafa\u0142a Kmity sta\u0142 si\u0119 objawieniem przegl\u0105du kabaret\u00f3w PaKA w Krakowie. Pokazane w nim szyderstwo z show-biznesu by\u0142o brawurowo \u015bmieszne i do b\u00f3lu okrutne. W muzyce akord dramatyczny r\u00f3\u017cni si\u0119 od lekkiego tylko jedn\u0105 nuta \u2013 Grup\u0119 Rafa\u0142a Kmity poznaje si\u0119 po tym, \u017ce u nich komizm dzieli od tragizmu tylko jedno s\u0142owo. Pokazywany przez nich w \u201ePop-Show\u201d obraz medi\u00f3w m\u00f3g\u0142 si\u0119 w momencie premiery wydawa\u0107 nieco przejaskrawiony. Dzisiaj, kiedy rozg\u0142o\u015bnia radiowa og\u0142osi\u0142a konkurs na to, kto sobie obetnie za 100 tysi\u0119cy z\u0142otych palec albo da si\u0119 na tydzie\u0144 zakopa\u0107 w grobie, sta\u0142o si\u0119 jasne, ze \u201ePop-Show\u201d to po prostu przewidzia\u0142.<\/p>\n<p>&nbsp;<\/p>\n<p><strong>J\u00f3zef Opalski:<img loading=\"lazy\" decoding=\"async\" class=\"size-full wp-image-154 alignleft\" src=\"http:\/\/kmita.art.pl\/wp-content\/uploads\/2017\/07\/Jozef-Opalski.jpg\" alt=\"\" width=\"110\" height=\"110\" \/><\/strong><\/p>\n<p>Niedawno by\u0142em w Teatrze Stu na wyst\u0119pie Grupy Rafafa Kmity i sta\u0142em si\u0119 jej fanem. Je\u017celi Pa\u0144stwo gdziekolwiek us\u0142yszycie o przedstawieniu \u201eWszyscy\u015bmy z jednego szynela\u201d, to biegnijcie czym pr\u0119dzej, poniewa\u017c Rafa\u0142 Kmita napisa\u0142 teksty naprawd\u0119 niezwyk\u0142e, a jego m\u0142odzi aktorzy graj\u0105 \u015bwietnie i \u015bpiewaj\u0105 pi\u0119kne piosenki. To by\u0142 jeden z najciekawszych i najbardziej inteligentnych wieczor\u00f3w, jakie ostatnio sp\u0119dzi\u0142em.<\/p>\n<p>&nbsp;<\/p>\n<p>&nbsp;<\/p>\n<p><strong><img loading=\"lazy\" decoding=\"async\" class=\"size-full wp-image-149 alignleft\" src=\"http:\/\/kmita.art.pl\/wp-content\/uploads\/2017\/07\/Jan_poprawa.jpg\" alt=\"\" width=\"110\" height=\"110\" \/><\/strong><strong>Jan Poprawa: <\/strong><\/p>\n<p>Ostatnio najwi\u0119kszym zaskoczeniem by\u0142a dla mnie Grupa Rafa\u0142a Kmity. Ich najnowsza premiera pt. \u201eWszyscy\u015bmy z jednego szynela\u201d zosta\u0142a wielokro\u0107 pochlebnie opisana, tak\u017ce na tych \u0142amach. W miniony wtorek s\u0142ysza\u0142em \u201ePie\u015bni z szynela\u201d, czyli kilkana\u015bcie piosenek Kmity z\u0142\u0105czonych w ca\u0142o\u015b\u0107 inteligentnym monologiem. Piosenki \u2013 palce liza\u0107! Grupa Rafa\u0142a Kmity wyst\u0119puje w Teatrze STU.\u00a0 Zobaczcie koniecznie!<\/p>\n<p>&nbsp;<\/p>\n<p>&nbsp;<\/p>\n<p><strong>Jerzy Stuhr:<img loading=\"lazy\" decoding=\"async\" class=\"size-full wp-image-151 alignleft\" src=\"http:\/\/kmita.art.pl\/wp-content\/uploads\/2017\/07\/J-Stuhr-1.jpg\" alt=\"\" width=\"110\" height=\"110\" \/><\/strong><\/p>\n<p>Grupa Rafa\u0142a Kmity to odwa\u017cna pr\u00f3ba pomostu pomi\u0119dzy kabaretem a teatrem. Przypomina mi moj\u0105 dzia\u0142alno\u015b\u0107 w Teatrze STU w latach sze\u015b\u0107dziesi\u0105tych. Ceni\u0119 ich te\u017c za to, \u017ce oparli si\u0119 mackom telewizji.<\/p>\n<p>&nbsp;<\/p>\n<\/div>\n<p>&nbsp;<\/p>\n<\/div>\n","protected":false},"excerpt":{"rendered":"<p>Andrzej Drawicz: \u201eTrzy zdania o umieraniu\u201d Quasi-Kabaretu Rafa\u0142a Kmity to znakomita pr\u00f3ba poigrania z tym, z czym si\u0119 normalnie nie igra, czego nie wolno tkn\u0105\u0107, co jest zakazane, co stanowi tabu. Wobec \u015bmierci jeste\u015bmy tch\u00f3rzliwi, potulni i bezradni. Wiemy, \u017ce jest to smutna konieczno\u015b\u0107, a zatem obchodzimy si\u0119 ze \u015bmierci\u0105 \u0142agodnie i z szacunkiem, nie [&hellip;]<\/p>\n","protected":false},"author":1,"featured_media":0,"parent":0,"menu_order":3,"comment_status":"closed","ping_status":"closed","template":"","meta":{"footnotes":""},"class_list":["post-17","page","type-page","status-publish","hentry"],"_links":{"self":[{"href":"https:\/\/kmita.art.pl\/index.php\/wp-json\/wp\/v2\/pages\/17"}],"collection":[{"href":"https:\/\/kmita.art.pl\/index.php\/wp-json\/wp\/v2\/pages"}],"about":[{"href":"https:\/\/kmita.art.pl\/index.php\/wp-json\/wp\/v2\/types\/page"}],"author":[{"embeddable":true,"href":"https:\/\/kmita.art.pl\/index.php\/wp-json\/wp\/v2\/users\/1"}],"replies":[{"embeddable":true,"href":"https:\/\/kmita.art.pl\/index.php\/wp-json\/wp\/v2\/comments?post=17"}],"version-history":[{"count":26,"href":"https:\/\/kmita.art.pl\/index.php\/wp-json\/wp\/v2\/pages\/17\/revisions"}],"predecessor-version":[{"id":181,"href":"https:\/\/kmita.art.pl\/index.php\/wp-json\/wp\/v2\/pages\/17\/revisions\/181"}],"wp:attachment":[{"href":"https:\/\/kmita.art.pl\/index.php\/wp-json\/wp\/v2\/media?parent=17"}],"curies":[{"name":"wp","href":"https:\/\/api.w.org\/{rel}","templated":true}]}}