{"id":109,"date":"2017-07-11T13:35:08","date_gmt":"2017-07-11T11:35:08","guid":{"rendered":"http:\/\/kmita.art.pl\/?page_id=109"},"modified":"2017-08-02T23:11:17","modified_gmt":"2017-08-02T21:11:17","slug":"wieczor-kabaretowy","status":"publish","type":"page","link":"https:\/\/kmita.art.pl\/index.php\/spektakle\/wieczor-kabaretowy\/","title":{"rendered":"Wiecz\u00f3r kabaretowy"},"content":{"rendered":"<div id=\"post-14\" class=\"post\">\n<div class=\"entry\">\n<h3>czyli 10 lat Grupy Rafa\u0142a Kmity<\/h3>\n<p>Grupa Rafa\u0142a Kmity z okazji 10-lecia istnienia przygotowa\u0142a absolutny hit sezonu \u2013 <strong>\u201eWiecz\u00f3r Kabaretowy \u2013 10 lat Grupy\u201d<\/strong><\/p>\n<p><img decoding=\"async\" src=\"https:\/\/web.archive.org\/web\/20160407142543im_\/http:\/\/kmita.art.pl\/images\/wieczor_1.jpg\" alt=\"Wiecz\u00f3r Kabaretowy - 10 lat Grupy\" \/><\/p>\n<p>Program sk\u0142adaj\u0105cy si\u0119 z najwi\u0119kszych przeboj\u00f3w Grupy plus utwory premierowe i unikatowe materia\u0142y archiwalne (m.in. piosenka w wykonaniu Anity Lipnickiej z 1993 roku oraz te ocenzurowane przez TVP).<\/p>\n<ul>\n<li>1,5 do 3 godzin znakomitej zabawy dla ka\u017cdego widza w ka\u017cdym wieku<\/li>\n<li>Ca\u0142o\u015b\u0107 okraszona filmowymi wstawkami (na dowo\u017conym przez nas ekranie) i \u015bwietn\u0105 konferansjerk\u0105 Adam\u00f3w Grzanki i Ma\u0142czyka z Formacji Chatelet<\/li>\n<li>W premierach m.in s\u0142ynne ju\u017c Radio wielokrotnie powtarzane na \u017cyczenie telewidz\u00f3w od czasu prapremierowego pokazu na Mr\u0105gowskiej Nocy Kabaretowej<\/li>\n<\/ul>\n<p><strong>Dotychczasowa ilo\u015b\u0107 przedstawie\u0144:<\/strong> 320<\/p>\n<p>Dawno ju\u017c \u017caden numer kabaretowy nie wywo\u0142a\u0142 takich reakcji! By nie by\u0107 go\u0142os\u0142ownym \u2013 oto recenzja:<\/p>\n<p><strong>Znane \u017carty nadal bawi\u0105<\/strong><\/p>\n<p>Wraz ze zmianami ustrojowymi sko\u0144czy\u0142a si\u0119 w Polsce z\u0142ota era kabaret\u00f3w dworuj\u0105cych sobie z poczyna\u0144 w\u0142adzy. I dzi\u015b wprawdzie nie brak sp\u0119d\u00f3w kabaretowych, ochoczo transmitowanych w programach telewizji, jednak ich poziom koncepcyjny i wykonawczy najcz\u0119\u015bciej ur\u0105ga rozumowi i poczuciu przyzwoito\u015bci.<\/p>\n<p>Od tej smutnej regu\u0142y bywaj\u0105, na szcz\u0119\u015bcie, wyj\u0105tki, do kt\u00f3rych nale\u017cy Grupa Rafa\u0142a Kmity. Zesp\u00f3\u0142, obchodz\u0105cy w\u0142a\u015bnie dziesi\u0119ciolecie istnienia, przywi\u00f3z\u0142 na warszawski Przegl\u0105d Komedii Lata \u201eMix kabaretowy\u201d \u2013 wyb\u00f3r swoich najlepszych piosenek i scenek. \u201eMix\u2026\u201d okaza\u0142 si\u0119 zabawnym programem, w kt\u00f3rym nie wiadomo, co bardziej podziwia\u0107: pe\u0142ne przewrotnego poczucia humoru dobre teksty czy b\u0142yskotliwo\u015b\u0107, profesjonalizm i urok osobisty wykonawc\u00f3w.<\/p>\n<p>Niezr\u00f3wnany w sztuce wy\u0142awiania absurd\u00f3w rzeczywisto\u015bci Rafa\u0142 Kmita jest na polskim rynku rozrywki autorem wyj\u0105tkowym. Jego utwory cz\u0119sto odwo\u0142uj\u0105 si\u0119 do znanych trop\u00f3w literackich czy kulturowych, co bynajmniej nie przeszkadza w zrozumieniu ich przez ludzi mniej oczytanych czy bywa\u0142ych. \u017bartobliwe scenki i piosenki Kmity, pisane stylizowan\u0105 polszczyzn\u0105, maj\u0105 precyzyjn\u0105 konstrukcj\u0119 i zawsze logiczn\u0105, acz zaskakuj\u0105c\u0105 point\u0119.<\/p>\n<p>Dowcip Kmity nie jest u\u017cytkowy ani dora\u017any.<\/p>\n<p>Lata p\u0142yn\u0105, a znane ju\u017c \u017carty sceniczne nadal ciesz\u0105 i dostarczaj\u0105 refleksji. Dlatego tak ch\u0119tnie ogl\u0105damy udane pastisze rozmaitych gatunk\u00f3w: literackich, piosenkarskich, filmowych (czarny krymina\u0142, horrory) czy telewizyjnych (familiada, reporta\u017c, reklama). Rewelacyjna by\u0142a np. parodia programu \u201eSensacje XX wieku\u201d Bogus\u0142awa Wo\u0142osza\u0144skiego albo rewii mody, podczas kt\u00f3rej pokazywano najbardziej twarzowe p\u0119tle na szyj\u0119.<\/p>\n<p>Dokonania zespo\u0142u w \u017cartobliwy, po cz\u0119\u015bci improwizowany spos\u00f3b przedstawia\u0142o dw\u00f3ch Adam\u00f3w: Ma\u0142czyk i Grzanka z zaprzyja\u017anionej Formacji Chatelet. Sukcesy festiwalowe Grupy ilustrowa\u0142y wybrane scenki. Dzi\u0119ki temu mo\u017cna by\u0142o zobaczy\u0107 trzon zespo\u0142u. W akcji na \u017cywo: Soni\u0119 Bohosiewicz, Grzegorza Klisia, Arkadiusza Lipnickiego, Piotra Plew\u0119, Krzysztofa Pluskot\u0119, Dariusza Starczewskiego, a w akcji na ekranie: np. Anit\u0119 Lipnick\u0105 czy Andrzeja Drawicza, rekomenduj\u0105cego program krakowskiego zespo\u0142u zarejestrowany za jego prezesury w TVP.<\/p>\n<p>Z prawdziw\u0105 satysfakcj\u0105 mog\u0119 stwierdzi\u0107, \u017ce dzi\u0119ki takim zespo\u0142om jak Grupa Rafa\u0142a Kmity kabaret o literackiej proweniencji jeszcze w Polsce trwa i wyzwala \u015bmiech (a nie bezmy\u015blny rechot) widz\u00f3w. Tylko powa\u017cne, zawodowe podej\u015bcie tw\u00f3rc\u00f3w i wykonawc\u00f3w mo\u017ce da\u0107 tak atrakcyjny artystyczny efekt. Gratulacje.<\/p>\n<p>\u201eMix kabaretowy\u201d, teksty i re\u017cyseria Rafa\u0142 Kmita, muzyka Janusz Wojtarowicz, Marcin Nowakowski, Dariusz Sawicki, Grupa Rafa\u0142a Kmity, Krak\u00f3w; pokaz w Warszawie \u2013 6 sierpnia 2003 r. (kolejne: 28, 29 sierpnia), Teatr Na Woli.<\/p>\n<p style=\"text-align: right;\">Janusz R. Kowalczyk<br \/>\nRzeczpospolita, 8 VIII 2003<\/p>\n<p><strong>\u00a0\u00a0\u00a0\u00a0\u00a0\u00a0\u00a0\u00a0\u00a0 DVD z zapisem programu<\/strong><br \/>\n<img decoding=\"async\" class=\"alignright\" src=\"https:\/\/web.archive.org\/web\/20160407142543im_\/http:\/\/kmita.art.pl\/images\/wieczor_dvd.jpg\" alt=\"\" \/><\/p>\n<ul>\n<li>DVD do kupienia przez internet w sklepie <a href=\"https:\/\/web.archive.org\/web\/20160407142543\/http:\/\/www.empik.com\/kabaretowe-przeboje-grupy-rafala-kmity-film,prod250006,p\">Empik.com<\/a><\/li>\n<li>DVD do kupienia przez internet w sklepie <a href=\"https:\/\/web.archive.org\/web\/20160407142543\/http:\/\/merlin.pl\/Kabaret-Rafala-Kmity_Best-Film-CO\/browse\/product\/2,564334.html\">Merlin.pl<\/a><\/li>\n<li>Czas trwania: 1 godz. 40 min<br \/>\nD\u017awi\u0119k: DD 2.0 polski<br \/>\nFormat: 4:3 \/ DVD-9<br \/>\nDystrybucja: Best Film CO<\/li>\n<\/ul>\n<\/div>\n<\/div>\n","protected":false},"excerpt":{"rendered":"<p>czyli 10 lat Grupy Rafa\u0142a Kmity Grupa Rafa\u0142a Kmity z okazji 10-lecia istnienia przygotowa\u0142a absolutny hit sezonu \u2013 \u201eWiecz\u00f3r Kabaretowy \u2013 10 lat Grupy\u201d Program sk\u0142adaj\u0105cy si\u0119 z najwi\u0119kszych przeboj\u00f3w Grupy plus utwory premierowe i unikatowe materia\u0142y archiwalne (m.in. piosenka w wykonaniu Anity Lipnickiej z 1993 roku oraz te ocenzurowane przez TVP). 1,5 do 3 [&hellip;]<\/p>\n","protected":false},"author":2,"featured_media":0,"parent":13,"menu_order":5,"comment_status":"closed","ping_status":"closed","template":"","meta":{"footnotes":""},"class_list":["post-109","page","type-page","status-publish","hentry"],"_links":{"self":[{"href":"https:\/\/kmita.art.pl\/index.php\/wp-json\/wp\/v2\/pages\/109"}],"collection":[{"href":"https:\/\/kmita.art.pl\/index.php\/wp-json\/wp\/v2\/pages"}],"about":[{"href":"https:\/\/kmita.art.pl\/index.php\/wp-json\/wp\/v2\/types\/page"}],"author":[{"embeddable":true,"href":"https:\/\/kmita.art.pl\/index.php\/wp-json\/wp\/v2\/users\/2"}],"replies":[{"embeddable":true,"href":"https:\/\/kmita.art.pl\/index.php\/wp-json\/wp\/v2\/comments?post=109"}],"version-history":[{"count":3,"href":"https:\/\/kmita.art.pl\/index.php\/wp-json\/wp\/v2\/pages\/109\/revisions"}],"predecessor-version":[{"id":230,"href":"https:\/\/kmita.art.pl\/index.php\/wp-json\/wp\/v2\/pages\/109\/revisions\/230"}],"up":[{"embeddable":true,"href":"https:\/\/kmita.art.pl\/index.php\/wp-json\/wp\/v2\/pages\/13"}],"wp:attachment":[{"href":"https:\/\/kmita.art.pl\/index.php\/wp-json\/wp\/v2\/media?parent=109"}],"curies":[{"name":"wp","href":"https:\/\/api.w.org\/{rel}","templated":true}]}}